{"id":16,"date":"2015-05-07T07:10:00","date_gmt":"2015-05-07T07:10:00","guid":{"rendered":"http:\/\/gerardpetillat.com\/web\/?page_id=16"},"modified":"2026-02-12T21:10:22","modified_gmt":"2026-02-12T21:10:22","slug":"biographie","status":"publish","type":"page","link":"https:\/\/gerardpetillat.com\/web\/biographie\/","title":{"rendered":"Biographie"},"content":{"rendered":"\n<p><\/p>\n\n\n\n<figure class=\"wp-block-gallery has-nested-images columns-default is-cropped wp-block-gallery-1 is-layout-flex wp-block-gallery-is-layout-flex\"><\/figure>\n\n\n\n<p><\/p>\n\n\n\n<p><strong>G\u00e9rard P\u00c9TILLAT&nbsp;<\/strong> vit et travaille \u00e0 Paris depuis la fin des ann\u00e9es 70.<\/p>\n\n\n\n<p>Ayant pass\u00e9 une partie de son enfance en Afrique du Nord (Maroc et Alg\u00e9rie) au gr\u00e9 des affectations d\u2019un p\u00e8re militaire de carri\u00e8re, ses premiers crayonnages et peintures \u00e0 l\u2019eau ont \u00e9t\u00e9 influenc\u00e9s par les nombreux mouvements quotidiens auxquels il a pu assister et qui ont contribu\u00e9 \u00e0 d\u00e9velopper chez lui un don certain pour le dessin, l\u2019observation et la bougeotte. \u00c0 l\u2019\u00e2ge de 17 ans il s\u2019engage dans la Marine et c\u2019est au sein de celle-ci et apr\u00e8s plusieurs campagnes \u00e0 travers le monde qu\u2019il va vivre sa premi\u00e8re exp\u00e9rience artistique en participant au Salon Arts et Marine de Toulon en 1972.<\/p>\n\n\n\n<p>Son lien avec la Marine termin\u00e9, il entre \u00e0 l\u2019\u00c9cole nationale d\u2019arts d\u00e9coratifs de Limoges o\u00f9 il suit pendant deux ans les cours de peinture et de dessin de Claude VIALLAT* et Jean-Claude CHEDAL**. D\u00e9laissant les cours d\u00e9concertants du premier, il tourne le dos aux influences post-soixante-huitardes hasardeuses, pour se tourner vers une peinture figurative plus sereine, plus vivante, \u00e0 connotation surr\u00e9aliste, qu\u2019il exposera en r\u00e9gion Poitou-Charentes jusqu\u2019en 1976.<\/p>\n\n\n\n<p>\u00c9tabli par la suite \u00e0 Paris, il se consacre au d\u00e9cor de spectacles puis \u00e0 la photographie, laquelle va l\u2019amener \u00e0 fr\u00e9quenter le monde de la presse o\u00f9 il d\u00e9bute comme reporter-photographe pigiste puis comme journaliste \u00e0 part enti\u00e8re, d\u00e8s 1983. Un nouvel horizon s\u2019ouvre alors \u00e0 lui, en collaborant \u00e0 de multiples parutions ou m\u00e9dias au profils r\u00e9dactionnels tr\u00e8s vari\u00e9s.<\/p>\n\n\n\n<p>C\u2019est entre les ann\u00e9es 1980 et 1990 que l\u2019id\u00e9e d\u2019un retour \u00e0 la peinture s\u2019installe progressivement, pour finalement s\u2019imposer comme une \u00e9vidence, le 11 mars 2006 apr\u00e8s une interruption d\u2019une trentaine d\u2019ann\u00e9es ; ce vide l\u2019aura cependant coup\u00e9 du monde de la peinture et donc du circuit des galeries et des salons. Le retour sera donc, par cons\u00e9quent, ardu.<\/p>\n\n\n\n<p>Aujourd\u2019hui, le travail de G\u00e9rard P\u00c9TILLAT tourn\u00e9 en grande partie vers la mer, et toujours de facture classique et r\u00e9aliste, ne se recommande d\u2019aucune \u00e9cole ou mouvement particulier. On peut discerner d\u2019une part des paysages ou des compositions ayant l\u2018allure de p\u00eale-m\u00eale intitul\u00e9s \u201cM\u00e2tures mortes\u201d et constitu\u00e9s d\u2019\u00e9l\u00e9ments qui au d\u00e9part n\u2019ont aucun lien entre eux. Au sujet de ces paysages, le peintre souligne bien qu\u2019il s&rsquo;agit l\u00e0 de paysages recompos\u00e9s, plus vrais que nature, et destin\u00e9s \u00e0 \u00eatre per\u00e7us comme des \u0153uvres ayant vocation \u00e0 tromper le regardeur. <\/p>\n\n\n\n<p>L\u2019autre partie ou pendant de cette cr\u00e9ation fait se cotoyer des toiles peintes \u00e0 partir de sujets pris sur le vif et restitu\u00e9s \u201csans manipulations\u00a0\u00bb, tels quels, tandis que d\u2019autres concerne des sc\u00e8nes de genre originales, surprenantes, d\u00e9cal\u00e9es, entre humour et gravit\u00e9, entre pass\u00e9 et pr\u00e9sent.<\/p>\n\n\n\n<p><\/p>\n\n\n\n<p><\/p>\n\n\n\n<ul class=\"wp-block-list\">\n<li>G\u00e9rard P\u00c9TILLAT est membre de l\u2019Acad\u00e9mie des Arts et Sciences de la Mer depuis 2013 ; Il en a assur\u00e9 la pr\u00e9sidence de 2016 \u00e0 2019. Il est depuis le 1er septembre 2019 repr\u00e9sent\u00e9 de mani\u00e8re permanente par la galerie <em>Les artistes &amp; la mer<\/em> \u00e0 Saint-Malo.<\/li>\n<\/ul>\n\n\n\n<p><\/p>\n\n\n\n<p>(*) Peintre, <em>co-fondateur du groupe \u00e9ph\u00e9m\u00e8re Supports\/Surfaces des ann\u00e9es fin 60\/70<\/em>.<\/p>\n\n\n\n<p>(**) <em>Peintre, laur\u00e9at de la Casa Velasquez et premier second grand prix de Rome, a \u00e9t\u00e9 directeur de la Villa Arson de Nice, institution nationale d\u00e9di\u00e9e \u00e0 l\u2019art contemporain, r\u00e9unissant un centre d\u2019art et une \u00e9cole sup\u00e9rieure d\u2019art.<\/em><\/p>\n\n\n\n<p><\/p>\n\n\n\n<p><\/p>\n\n\n\n<p><\/p>\n\n\n\n<p><\/p>\n\n\n\n<p><\/p>\n\n\n\n<p><\/p>\n\n\n\n<p class=\"has-text-align-center\"><\/p>\n\n\n\n<p><\/p>\n\n\n\n<p><\/p>\n\n\n\n<p><\/p>\n\n\n\n<p class=\"has-text-align-center\"><strong>EXPOS \/\u00c9V\u00c8NEMENTS\u2026<br><\/strong><\/p>\n\n\n\n<p class=\"has-text-align-left\"><strong>2026<\/strong><\/p>\n\n\n\n<ul class=\"wp-block-list\">\n<li><strong>PARIS <\/strong>(75) Grand Palais. <strong>Du 12 au 15 F\u00e9vrier.<\/strong> Salon des Artistes Fran\u00e7ais, dans le cadre d\u2019ART CAPITAL 2026.<\/li>\n\n\n\n<li><strong>BAR-LE-DUC<\/strong> (55) Espace Saint-Louis. <strong>Du 6 au 29 mars.<\/strong> \u201cRegards crois\u00e9s\u201d, expo collective. <\/li>\n\n\n\n<li><strong>SAINT-QUAY-PORTRIEUX <\/strong>(22) Centre des congr\u00e8s. <strong>Du 29 ao\u00fbt au 13 septembre.<\/strong> Salon Oc\u00e9anissime, Acad\u00e9mie des Arts et Sciences de la Mer. <\/li>\n<\/ul>\n\n\n\n<p class=\"has-text-align-left\"><strong>2025<\/strong><\/p>\n\n\n\n<ul class=\"wp-block-list\">\n<li><strong>HILLION<\/strong> (22) Espace Palante &#8211; <strong>Du 12 au 27 avril.<\/strong> Acad\u00e9mie des Arts et Sciences de la Mer.<\/li>\n\n\n\n<li><strong>B\u00c9NODET <\/strong>(29) Mus\u00e9e du Bord de Mer. <strong>Du 7 juin au 14 septembre.<\/strong> Acad\u00e9mie des Arts et Sciences de la Mer.<\/li>\n\n\n\n<li><strong>NANTES<\/strong> (44) Maison de la Mer. <strong>Du 8 au 16 novembre.<\/strong> Acad\u00e9mie des Arts et Sciences de la Mer.<\/li>\n<\/ul>\n\n\n\n<h4 class=\"wp-block-heading\"><strong>202<\/strong>4<\/h4>\n\n\n\n<ul class=\"wp-block-list\">\n<li><strong>SAINT-QUAY-PORTRIEUX <\/strong>(22) Centre des congr\u00e8s. <strong>Du 6 au 21 avril 2024.<\/strong> Salon Art \u00e0 Babord. <\/li>\n\n\n\n<li><strong>HILLION<\/strong> (22) Espace Palante. <strong>Du 12 au 27 avril.<\/strong> Acad\u00e9mie des Arts et Sciences de la Mer.<\/li>\n\n\n\n<li><strong>BAR-LE-DUC<\/strong> (55) H\u00f4tel de Ville. <strong>Du 17 au 21 mai 2024.<\/strong> Exposition personnelle.<\/li>\n<\/ul>\n\n\n\n<h4 class=\"wp-block-heading\"><strong>2023<\/strong><\/h4>\n\n\n\n<ul class=\"wp-block-list\">\n<li><strong>HILLION <\/strong>(22) Espace Palante. <strong>Du<\/strong> <strong>22 avril au 7 mai.<\/strong> Acad\u00e9mie des Arts et Sciences de la Mer.<\/li>\n<\/ul>\n\n\n\n<h4 class=\"wp-block-heading\"><strong>2022<\/strong><\/h4>\n\n\n\n<ul class=\"wp-block-list\">\n<li><strong>CULEY <\/strong>(55) Mairie &#8211; Expo personnelle.<\/li>\n\n\n\n<li><strong>ERQUY <\/strong>(22) Galerie d\u2019Art municipale \u2013 Acad\u00e9mie des Arts et Sciences de la Mer.<strong><br><\/strong><\/li>\n<\/ul>\n\n\n\n<h4 class=\"wp-block-heading\"><strong>2021<\/strong><\/h4>\n\n\n\n<ul class=\"wp-block-list\">\n<li><strong>LORIENT\/LARMOR-PLAGE <\/strong>(56) &#8211; Les Coureaux, Espace Culturel (Salon Oc\u00e9anissime) et Salle des Algues (hommage \u00e0 la Compagnie des Indes orientales. Acad\u00e9mie des Arts &amp; Sciences de la Mer.<\/li>\n<\/ul>\n\n\n\n<h4 class=\"wp-block-heading\"><strong>2019<\/strong><\/h4>\n\n\n\n<ul class=\"wp-block-list\">\n<li><strong>LA FERT\u00c9-BERNARD <\/strong>(72) &#8211; Halles Denis B\u00e9alet &#8211; Acad\u00e9mie des Arts &amp; Sciences de la Mer, expo collective.<\/li>\n<\/ul>\n\n\n\n<h4 class=\"wp-block-heading\"><span style=\"text-decoration: underline;\"><strong>2019<\/strong><\/span><\/h4>\n\n\n\n<ul class=\"wp-block-list\">\n<li><strong>FOUESNANT <\/strong>(29) &#8211; L\u2019Archipel &#8211; Acad\u00e9mie des Arts &amp; Sciences de la Mer, expo collective.<\/li>\n\n\n\n<li><strong>SAINT-MALO\/SAINT-SERVAN-SUR-MER <\/strong>&#8211; (35) &#8211; Droguerie de Marine, expo personnelle.<strong><br><\/strong><\/li>\n<\/ul>\n\n\n\n<h4 class=\"wp-block-heading\"><span style=\"text-decoration: underline;\"><strong>2016<\/strong><\/span><\/h4>\n\n\n\n<ul class=\"wp-block-list\">\n<li><strong>LARMOR-PLAGE<\/strong> (56) &#8211; Mairie &#8211; Acad\u00e9mie des Arts &amp; Sciences de la Mer, expo collective.<\/li>\n\n\n\n<li><strong>ERQUY<\/strong> (22) &#8211; Galerie d\u2019Art Municipale &#8211; Expo de groupe dans le cadre de <em>\u201cErquy, vue sur mer\u201d<\/em>.<\/li>\n<\/ul>\n\n\n\n<h4 class=\"wp-block-heading\"><span style=\"text-decoration: underline;\"><strong>2015<\/strong><\/span><\/h4>\n\n\n\n<ul class=\"wp-block-list\">\n<li><strong>PARIS<\/strong> &#8211; (2e) &#8211; Agence Mer &amp; Voyages&nbsp; &#8211; Expo personnelle.<\/li>\n\n\n\n<li><strong>GUIDEL<\/strong> (56) &#8211; L&rsquo;Estran &#8211; Acad\u00e9mie des Arts &amp; Sciences de la Mer.<\/li>\n\n\n\n<li><strong>PARIS<\/strong> &#8211; (19e) -P\u00e9niche librairie maritime L\u2019eau et les r\u00eaves <em>\u201cQuand la mer s\u2019agite sur le Canal\u201d<\/em>.<\/li>\n\n\n\n<li><strong>NEW-YORK\/MANHATTAN &#8211; <\/strong>Saphira &amp; Ventura Gallery <em>\u201cArt Expo New-York\u201d<\/em> &#8211; Expo collective.<strong><br><\/strong><\/li>\n\n\n\n<li><strong>LANNION<\/strong> &#8211; (22) &#8211; Chapelle des Ursulines &#8211; Acad\u00e9mie des Arts &amp; Sciences de la Mer, Expo collective.<\/li>\n\n\n\n<li><strong>PARIS<\/strong> &#8211; (15e) &#8211; Village suisse Galerie Artitude &#8211; Expo collective.<\/li>\n\n\n\n<li><strong>PARIS<\/strong> &#8211; (8e) &#8211; Cercle National des Arm\u00e9es &#8211; Expo personnelle.<\/li>\n<\/ul>\n\n\n\n<h4 class=\"wp-block-heading\"><span style=\"text-decoration: underline;\"><strong>2014<\/strong><\/span><\/h4>\n\n\n\n<ul class=\"wp-block-list\">\n<li><strong>PAIMB\u0152UF<\/strong> (44) &#8211; Le Hangar &#8211; Acad\u00e9mie des Arts et Sciences de la Mer.<\/li>\n\n\n\n<li><strong>PARIS<\/strong> &#8211; Mairie du 19e &#8211; Expo personnelle.<\/li>\n\n\n\n<li><strong>PARIS<\/strong> &#8211; (15e) &#8211; Village suisse Galerie Artitude &#8211; Expo collective.<\/li>\n<\/ul>\n\n\n\n<h4 class=\"wp-block-heading\"><span style=\"text-decoration: underline;\"><strong>2013<\/strong><\/span><\/h4>\n\n\n\n<ul class=\"wp-block-list\">\n<li><strong>SAINT-MALO<\/strong> (35) &#8211; Les Sardin\u2019Art, salon Chefs et Saveurs &#8211; Expo collective.<\/li>\n\n\n\n<li><strong>PARIS<\/strong> &#8211;&nbsp;(18e) &#8211; Peintre invit\u00e9 de la Mairie de Paris, place du Tertre Montmartre.<\/li>\n<\/ul>\n\n\n\n<h4 class=\"wp-block-heading\"><span style=\"text-decoration: underline;\"><strong>2012<\/strong><\/span><\/h4>\n\n\n\n<ul class=\"wp-block-list\">\n<li><strong>BREST<\/strong> (29) &#8211; \u00c9cole Navale, Lanv\u00e9oc-Poulmic &#8211; Expo personnelle.<\/li>\n\n\n\n<li><strong>DECIZE<\/strong> (58) &#8211; Avec la Galerie Vitalone &#8211; La p\u00eache \u00e0 la ligne, 5e \u00e9dition &#8211; Expo collective.<\/li>\n\n\n\n<li><strong>MOULINS<\/strong> (03) &#8211; Avec la Galerie Vitalone &#8211; La Galerie \u00e0 ciel ouvert &#8211; Expo collective.<\/li>\n<\/ul>\n\n\n\n<h4 class=\"wp-block-heading\"><span style=\"text-decoration: underline;\"><strong>2011<\/strong><\/span><\/h4>\n\n\n\n<ul class=\"wp-block-list\">\n<li><strong>SAINT-POURCAIN-SUR-SIOULE<\/strong> (03) &#8211; Mus\u00e9e de la lithographie &#8211; Expo personnelle.<\/li>\n<\/ul>\n\n\n\n<h4 class=\"wp-block-heading\"><span style=\"text-decoration: underline;\"><strong>2010<\/strong><\/span><\/h4>\n\n\n\n<ul class=\"wp-block-list\">\n<li><strong>BREST<\/strong> (29) &#8211; \u00c9cole Navale, Lanv\u00e9oc-Poulmic &#8211; Expo personnelle.<\/li>\n<\/ul>\n\n\n\n<h4 class=\"wp-block-heading\"><span style=\"text-decoration: underline;\"><strong>2009<\/strong><\/span><\/h4>\n\n\n\n<ul class=\"wp-block-list\">\n<li><strong>PARIS<\/strong> &#8211; (1er) &#8211; Carrousel du Louvre &#8211; Salon National des Beaux-Arts.<\/li>\n\n\n\n<li><strong>PARIS<\/strong> &#8211; (8e) &#8211; Cercle National des Arm\u00e9es &#8211; Expo personnelle.<\/li>\n<\/ul>\n\n\n\n<h4 class=\"wp-block-heading\"><span style=\"text-decoration: underline;\"><strong>2007\/2008<\/strong><\/span><\/h4>\n\n\n\n<ul class=\"wp-block-list\">\n<li><strong>PARIS<\/strong> &#8211; (16e) &#8211; 40e Salon de la Marine, Mus\u00e9e de la Marine.<\/li>\n<\/ul>\n\n\n\n<h4 class=\"wp-block-heading\"><span style=\"text-decoration: underline;\"><strong>1974<\/strong><\/span><\/h4>\n\n\n\n<ul class=\"wp-block-list\">\n<li><strong>NIORT<\/strong> (79) &#8211; Salon des Amis des Arts.<\/li>\n<\/ul>\n\n\n\n<h4 class=\"wp-block-heading\"><span style=\"text-decoration: underline;\"><strong>1972<\/strong><\/span><\/h4>\n\n\n\n<ul class=\"wp-block-list\">\n<li><strong>TOULON<\/strong> (83) &#8211; Salon Arts et Marine.<\/li>\n<\/ul>\n\n\n\n<p class=\"has-text-align-center\">&#8230;&#8230;&#8230;&#8230;&#8230;&#8230;&#8230;&#8230;&#8230;&#8230;&#8230;&#8230;<\/p>\n\n\n<div class=\"wp-block-image\">\n<figure class=\"aligncenter\"><img loading=\"lazy\" decoding=\"async\" width=\"65\" height=\"30\" src=\"http:\/\/gerardpetillat.com\/web\/wp-content\/uploads\/2015\/05\/Asmer_logo_30px.png\" alt=\"Asmer_logo_30px\" class=\"wp-image-4\"\/><\/figure>\n<\/div>\n\n\n<p class=\"has-text-align-center\"><strong>Acad\u00e9mie des Arts &amp; Sciences de la Mer<\/strong><\/p>\n\n\n\n<p>Cette institution ind\u00e9pendante cr\u00e9\u00e9e en 2011 est n\u00e9e de la convergence d\u2019artistes et d\u2019intellectuels li\u00e9s au monde maritime, r\u00e9unis autour d\u2019un m\u00eame int\u00e9r\u00eat commun, celui de la promotion du patrimoine maritime fran\u00e7ais et des valeurs propres aux gens de mer.<\/p>\n\n\n\n<p>Fond\u00e9e par <strong>Pierre-Arnaud LEBONNOIS<\/strong>, peintre portuaire, journaliste, ancien \u00e9l\u00e8ve de l\u2019\u00c9cole royale militaire de Sor\u00e8ze et par <strong>Michel SAMZUN<\/strong>, pilote maritime et pr\u00e9sident du Propeller Club de Nantes et Saint-Nazaire, l\u2019Acad\u00e9mie des arts &amp; sciences de la mer r\u00e9sulte de la dissolution du corps des POPM (Peintres Officiels des Pilotes Maritimes).<\/p>\n\n\n\n<p>Aujourd\u2019hui, les membres civils ou militaires qui la composent si\u00e8gent dans <strong>6 Coll\u00e8ges<\/strong> selon la pr\u00e9dominance artistique ou intellectuelle de leur vocation : peinture et bande-dessin\u00e9e, photographie, sculpture et maquettisme, lettres, sciences et histoire, navigation .<\/p>\n\n\n\n<p>Repr\u00e9sent\u00e9e sur l\u2019ensemble du littoral m\u00e9tropolitain et ultra-marin, cette institution qui se distingue par son ind\u00e9pendance apporte, plusieurs fois par an, l\u2019agr\u00e9ment de salons maritimes aujourd\u2019hui reconnus. G\u00e9n\u00e9reuse, elle organise \u00e9galement des ventes originales destin\u00e9es \u00e0 venir en aide \u00e0 des associations caritatives (SNSM, Matelots de la Vie, \u2026) ou \u00e0 des associations de conservation du patrimoine maritime.<\/p>\n\n\n\n<p class=\"has-text-align-center\">&#8230;&#8230;&#8230;&#8230;&#8230;&#8230;&#8230;&#8230;&#8230;&#8230;&#8230;&#8230;<\/p>\n\n\n\n<p class=\"has-text-align-center\"><strong>A propos de la s\u00e9rie \u00ab\u00a0P\u00eale-m\u00eale, pleine mer &#8230;\u00a0\u00bb<\/strong><\/p>\n\n\n\n<p>\u201c J\u2019ai commenc\u00e9 \u00e0 peindre mes premiers \u00e9l\u00e9ments \u201caquatiques\u201d dans les ann\u00e9es 70, sans penser v\u00e9ritablement \u00e0 la mer, sans penser que plus tard ces \u00e9l\u00e9ments liquides li\u00e9s \u00e0 la terre ferme et qui n\u2019\u00e9taient au d\u00e9part que des d\u00e9tails, habiteraient la quasi totalit\u00e9 de mes compositions.<\/p>\n\n\n\n<p>C\u2019est lorsque je me suis pench\u00e9 il y a quelques ann\u00e9es sur mes souvenirs de marin afin d\u2019explorer d&rsquo;autres voies, que ces premiers \u00e9l\u00e9ments me sont revenus soudain en m\u00e9moire, ont \u201crefait surface\u201d si je puis dire, s\u2019imposant \u00e0 moi comme une \u00e9vidence. C\u2019est \u00e0 partir de ce moment-l\u00e0 que j\u2019ai d\u00e9cid\u00e9 de travailler sur des univers maritimes particuliers. Pourquoi particuliers ? Parce que vivant \u00e0 Paris et sachant tr\u00e8s bien que la capitale est trop \u00e9loign\u00e9e des c\u00f4tes pour pouvoir me permettre d\u2019aller tous les matins peindre embruns et navires. Je me suis donc b\u00e2ti un univers maritime \u00e0 distance, \u00e0 ma fa\u00e7on, un univers hors sch\u00e9mas classiques qui, petit \u00e0 petit, s\u2019est peupl\u00e9 de situations d\u00e9cal\u00e9es, originales, inhabituelles.<\/p>\n\n\n\n<p>Ce travail singulier issu d\u2019une imagination d\u00e9brid\u00e9e s\u2019est confortablement install\u00e9 dans mon quotidien de peintre au point de conditionner la plus grande partie de mon univers artistique \u201d.<span style=\"border-radius: 2px; text-indent: 20px; width: auto; padding: 0px 4px 0px 0px; text-align: center; font: bold 11px\/20px 'Helvetica Neue',Helvetica,sans-serif; color: #ffffff; background: #bd081c no-repeat scroll 3px 50% \/ 14px 14px; position: absolute; opacity: 1; z-index: 8675309; display: none; cursor: pointer;\">Enregistrer<\/span><\/p>\n","protected":false},"excerpt":{"rendered":"<p>G\u00e9rard P\u00c9TILLAT&nbsp; vit et travaille \u00e0 Paris depuis la fin des ann\u00e9es 70. Ayant pass\u00e9 une partie de son enfance en Afrique du Nord (Maroc et Alg\u00e9rie) au gr\u00e9 des affectations d\u2019un p\u00e8re militaire de carri\u00e8re, ses premiers crayonnages et peintures \u00e0 l\u2019eau ont \u00e9t\u00e9 influenc\u00e9s par les nombreux mouvements quotidiens auxquels il a pu [&hellip;]<\/p>\n","protected":false},"author":1,"featured_media":0,"parent":0,"menu_order":0,"comment_status":"closed","ping_status":"open","template":"","meta":{"footnotes":""},"class_list":["post-16","page","type-page","status-publish","hentry"],"_links":{"self":[{"href":"https:\/\/gerardpetillat.com\/web\/wp-json\/wp\/v2\/pages\/16","targetHints":{"allow":["GET"]}}],"collection":[{"href":"https:\/\/gerardpetillat.com\/web\/wp-json\/wp\/v2\/pages"}],"about":[{"href":"https:\/\/gerardpetillat.com\/web\/wp-json\/wp\/v2\/types\/page"}],"author":[{"embeddable":true,"href":"https:\/\/gerardpetillat.com\/web\/wp-json\/wp\/v2\/users\/1"}],"replies":[{"embeddable":true,"href":"https:\/\/gerardpetillat.com\/web\/wp-json\/wp\/v2\/comments?post=16"}],"version-history":[{"count":257,"href":"https:\/\/gerardpetillat.com\/web\/wp-json\/wp\/v2\/pages\/16\/revisions"}],"predecessor-version":[{"id":1593,"href":"https:\/\/gerardpetillat.com\/web\/wp-json\/wp\/v2\/pages\/16\/revisions\/1593"}],"wp:attachment":[{"href":"https:\/\/gerardpetillat.com\/web\/wp-json\/wp\/v2\/media?parent=16"}],"curies":[{"name":"wp","href":"https:\/\/api.w.org\/{rel}","templated":true}]}}